{"id":3,"date":"2023-01-19T18:23:47","date_gmt":"2023-01-19T18:23:47","guid":{"rendered":"http:\/\/el-raconet.com\/?page_id=3"},"modified":"2023-08-07T09:52:01","modified_gmt":"2023-08-07T09:52:01","slug":"privacy-policy","status":"publish","type":"page","link":"https:\/\/el-raconet.com\/index.php\/privacy-policy\/","title":{"rendered":"Pol\u00edtica de privacitat"},"content":{"rendered":"\n<p>En compliment del Reglament General de Protecci\u00f3 de Dades (RGPD)*&nbsp;relatiu a la protecci\u00f3 de les persones f\u00edsiques pel que fa al tractament de dades personals i a la lliure circulaci\u00f3 d&#8217;aquestes dades.<\/p>\n\n\n\n<p>Es correspon amb el REGLAMENT (UE) 2016\/679 DEL PARLAMENT EUROPEU I DEL CONSELL de 27 d&#8217;abril de 2016. Aquesta Llei va entrar en vigor el 25 de maig de 2016, encara que la seva aplicaci\u00f3 de manera obligat\u00f2ria no es far\u00e0 efectiva fins al 25 de maig de 2018. Dos anys durant els quals les empreses, les organitzacions, els organismes i les Institucions hauran d&#8217;anar adaptant-se per al seu compliment.<br>La present Pol\u00edtica de Privacitat estableix els termes en qu\u00e8 &#8220;El Raconet&#8221; usa i protegeix la informaci\u00f3 que \u00e9s proporcionada pels seus usuaris al moment d&#8217;utilitzar el seu lloc web. Aquest blog est\u00e0 comprom\u00e8s amb la seguretat de les dades dels seus usuaris. Quan li demanem omplir els camps d&#8217;informaci\u00f3 personal amb la qual vost\u00e8 pugui ser identificat, ho fem assegurant que nom\u00e9s s&#8217;emprar\u00e0 d&#8217;acord amb els termes d&#8217;aquest document. No obstant aix\u00f2 aquesta Pol\u00edtica de Privacitat pot canviar amb el temps o ser actualitzada pel que li recomanem i emfatitzem revisar cont\u00ednuament aquesta p\u00e0gina per a assegurar-se que est\u00e0 d&#8217;acord amb aquests canvis.<\/p>\n\n\n\n<h2 class=\"wp-block-heading\">Informaci\u00f3 que \u00e9s recollida<\/h2>\n\n\n\n<p>El nostre lloc web podr\u00e0 recollir informaci\u00f3 personal per exemple: Nom, adre\u00e7a de correu electr\u00f2nic o p\u00e0gina web. Aix\u00ed mateix quan sigui necessari podr\u00e0 ser requerida informaci\u00f3 espec\u00edfica per a processar alguna comanda o realitzar un lliurament o facturaci\u00f3.<\/p>\n\n\n\n<h2 class=\"wp-block-heading\">\u00das de la informaci\u00f3 recollida<\/h2>\n\n\n\n<p>El nostre lloc web empra la informaci\u00f3 amb la finalitat de proporcionar el millor servei possible, particularment per a mantenir un registre d&#8217;usuaris, de comandes en cas que aplicaci\u00f3, i millorar els nostres productes i serveis. Nom\u00e9s seran enviats correus electr\u00f2nics peri\u00f2dicament a trav\u00e9s del nostre lloc amb informaci\u00f3 dels post publicats, resums o&nbsp;newsletters, nous productes i una altra informaci\u00f3 publicit\u00e0ria que considerem rellevant per a vost\u00e8 o que pugui brindar-li algun benefici, quan vost\u00e8 hagi donat consentiment expl\u00edcit per a aix\u00f2 acceptant la pol\u00edtica de privacitat en el formulari de subscripci\u00f3. Aquests correus electr\u00f2nics seran enviats a l&#8217;adre\u00e7a que vost\u00e8 proporcioni i podran ser cancel\u00b7lats en qualsevol moment. Mai rebr\u00e0 correus no desitjats als quals no s&#8217;hagi subscrit. No subscrivim als nostres usuaris a la&nbsp;newsletter&nbsp;a trav\u00e9s dels comentaris, aquests emails s\u00f3n recollits per la plataforma&nbsp;Wordpress&nbsp;per a poder comentar, per\u00f2 mai els utilitzarem per a altres serveis.<\/p>\n\n\n\n<p>El Raconet est\u00e0 altament comprom\u00e8s per a complir amb el comprom\u00eds de mantenir la seva informaci\u00f3 segura. Usem els sistemes m\u00e9s avan\u00e7ats i els actualitzem constantment per a assegurar-nos que no existeixi cap acc\u00e9s no autoritzat.<\/p>\n\n\n\n<h2 class=\"wp-block-heading\">Cookies<\/h2>\n\n\n\n<p>Una&nbsp;cookie&nbsp;es refereix a un fitxer que \u00e9s enviat amb la finalitat de sol\u00b7licitar perm\u00eds per a emmagatzemar-se en el seu ordinador, en acceptar aquest fitxer es crea i la&nbsp;cookie&nbsp;serveix llavors per a tenir informaci\u00f3 respecte al tr\u00e0nsit web, i tamb\u00e9 facilita les futures visites a una web recurrent. Una altra funci\u00f3 que tenen les cookies \u00e9s que amb elles les web poden recon\u00e8ixer-te individualment i per tant brindar-te el millor servei personalitzat del seu web.<\/p>\n\n\n\n<p>El nostre lloc web empra les cookies per a poder identificar les p\u00e0gines que s\u00f3n visitades i la seva freq\u00fc\u00e8ncia. Aquesta informaci\u00f3 \u00e9s emprada \u00fanicament per a an\u00e0lisi estad\u00edstica i despr\u00e9s la informaci\u00f3 s&#8217;elimina de manera permanent. Vost\u00e8 pot eliminar les cookies en qualsevol moment des del seu ordinador. No obstant aix\u00f2 les cookies ajuden a proporcionar un millor servei dels llocs web, aquestes no donen acc\u00e9s a informaci\u00f3 del seu ordinador ni de vost\u00e8, a menys que vost\u00e8 aix\u00ed ho vulgui i la proporcioni directament, visites a una web. Vost\u00e8 pot acceptar o negar l&#8217;\u00fas de cookies, no obstant aix\u00f2 la majoria de navegadors accepten cookies autom\u00e0ticament perqu\u00e8 serveix per a tenir un millor servei web. Tamb\u00e9 vost\u00e8 pot canviar la configuraci\u00f3 del seu ordinador per a declinar les cookies. Si es declinen \u00e9s possible que no pugui utilitzar alguns dels nostres serveis.<\/p>\n\n\n\n<h2 class=\"wp-block-heading\">Enlla\u00e7os a Tercers<\/h2>\n\n\n\n<p>Aquest lloc web pot contenir ella\u00e7os&nbsp;a altres llocs que poden ser del seu inter\u00e8s. Una vegada que vost\u00e8 faci clic en aquests enlla\u00e7os i abandoni la nostra p\u00e0gina, ja no tenim control sobre el lloc al qual \u00e9s redirigit i per tant no som responsables dels termes de privacitat ni de la protecci\u00f3 de les seves dades en aquests altres llocs. Aquests llocs estan subjectes a les seves pr\u00f2pies pol\u00edtiques de privacitat per la qual cosa \u00e9s recomanable que els consulti per a confirmar que vost\u00e8 est\u00e0 d&#8217;acord amb aquestes.<\/p>\n\n\n\n<h2 class=\"wp-block-heading\">Control de la seva informaci\u00f3 personal<\/h2>\n\n\n\n<p>En qualsevol moment vost\u00e8 pot restringir la recopilaci\u00f3 o l&#8217;\u00fas de la informaci\u00f3 personal que \u00e9s proporcionada al nostre lloc web a trav\u00e9s d&#8217;un correu a l&#8217;adre\u00e7a elraconet.ea@gmail.com. No existeix en la nostra web cap mena de dada fora del seu nom, correu electr\u00f2nic i la seva p\u00e0gina web. En cas que hagi marcat l&#8217;opci\u00f3 de rebre el nostre butllet\u00ed o publicitat vost\u00e8 pot cancel\u00b7lar-la en qualsevol moment.<\/p>\n\n\n\n<p>Aquest blog no vendr\u00e0, cedir\u00e0 ni distribuir\u00e0 la informaci\u00f3 personal que \u00e9s recopilada sense el seu consentiment, tret que sigui requerit per un jutge amb un ordre judicial.<\/p>\n\n\n\n<p>El Raconet es reserva el dret de canviar els termes de la present Pol\u00edtica de Privacitat en el moment en el qual es&nbsp;hi hagi un canvi en&nbsp;la legislaci\u00f3 vigent.<\/p>\n\n\n\n<p><\/p>\n","protected":false},"excerpt":{"rendered":"<p>En compliment del Reglament General de Protecci\u00f3 de Dades (RGPD)*&nbsp;relatiu a la protecci\u00f3 de les persones f\u00edsiques pel que fa al tractament de dades personals<\/p>\n","protected":false},"author":1,"featured_media":0,"parent":0,"menu_order":0,"comment_status":"closed","ping_status":"open","template":"","meta":{"footnotes":""},"class_list":["post-3","page","type-page","status-publish","hentry"],"aioseo_notices":[],"_links":{"self":[{"href":"https:\/\/el-raconet.com\/index.php\/wp-json\/wp\/v2\/pages\/3","targetHints":{"allow":["GET"]}}],"collection":[{"href":"https:\/\/el-raconet.com\/index.php\/wp-json\/wp\/v2\/pages"}],"about":[{"href":"https:\/\/el-raconet.com\/index.php\/wp-json\/wp\/v2\/types\/page"}],"author":[{"embeddable":true,"href":"https:\/\/el-raconet.com\/index.php\/wp-json\/wp\/v2\/users\/1"}],"replies":[{"embeddable":true,"href":"https:\/\/el-raconet.com\/index.php\/wp-json\/wp\/v2\/comments?post=3"}],"version-history":[{"count":5,"href":"https:\/\/el-raconet.com\/index.php\/wp-json\/wp\/v2\/pages\/3\/revisions"}],"predecessor-version":[{"id":306,"href":"https:\/\/el-raconet.com\/index.php\/wp-json\/wp\/v2\/pages\/3\/revisions\/306"}],"wp:attachment":[{"href":"https:\/\/el-raconet.com\/index.php\/wp-json\/wp\/v2\/media?parent=3"}],"curies":[{"name":"wp","href":"https:\/\/api.w.org\/{rel}","templated":true}]}}